{"id":4193,"date":"2025-07-06T16:39:04","date_gmt":"2025-07-06T14:39:04","guid":{"rendered":"https:\/\/przystanpodniebem.pl\/?page_id=4193"},"modified":"2025-08-10T11:29:43","modified_gmt":"2025-08-10T09:29:43","slug":"regulamin-polityka-prywatnosci","status":"publish","type":"page","link":"https:\/\/przystanpodniebem.pl\/index.php\/regulamin-polityka-prywatnosci\/","title":{"rendered":"Regulamin &amp; Polityka prywatno\u015bci"},"content":{"rendered":"\n<p><\/p>\n\n\n\n<p>REGULAMIN KORZYSTANIA Z OBIEKTU<\/p>\n\n\n\n<p><strong>\u00a71. PRZEDMIOT REGULAMINU<\/strong><\/p>\n\n\n\n<ol class=\"wp-block-list\">\n<li>Regulamin okre\u015bla zasady najmu, odpowiedzialno\u015bci oraz przebywania na terenie Domk\u00f3w ,,PrzySTA\u0143 pod Niebem\u201d w Nawczu i jest integraln\u0105 cz\u0119\u015bci\u0105 Umowy, do kt\u00f3rej zawarcia zobowi\u0105zany jest Najemca. Dokonuj\u0105c rezerwacji Najemca potwierdza, i\u017c zapozna\u0142 si\u0119 i akceptuje warunki Regulaminu.<\/li>\n\n\n\n<li>Regulamin zobowi\u0105zani s\u0105 przestrzega\u0107 wszyscy&nbsp; Go\u015bcie przebywaj\u0105cych na terenie Domk\u00f3w<\/li>\n\n\n\n<li>Regulamin jest dost\u0119pny do wgl\u0105du w Domku na stronie internetowej <a href=\"http:\/\/www.przystanpodniebem.pl\/\" target=\"_blank\" rel=\"noreferrer noopener\">www.przystanpodniebem.pl<\/a> oraz stanowi za\u0142\u0105cznik do Umowy.<\/li>\n\n\n\n<li>Definicje:\n<ol class=\"wp-block-list\">\n<li>Domek\/Obiekt- \u201ePrzySTA\u0143 Pod Niebem\u201d w Nawczu<\/li>\n\n\n\n<li>Wynajmuj\u0105cy- Kamil Klawikowski<\/li>\n\n\n\n<li>Najemca- osoba, dokonuj\u0105ca rezerwacji lub najmu Domu&nbsp;<\/li>\n\n\n\n<li>Go\u015bcie \u2013 osoby przebywaj\u0105ce w Domu&nbsp;<\/li>\n\n\n\n<li>Umowa \u2013 umowa najmu podpisana przez Wynajmuj\u0105cego i Najemc\u0119<\/li>\n\n\n\n<li>Regulamin \u2013 niniejszy regulamin<\/li>\n<\/ol>\n<\/li>\n<\/ol>\n\n\n\n<p><strong>\u00a72. REZERWACJA I MELDUNEK&nbsp;<\/strong><\/p>\n\n\n\n<ol class=\"wp-block-list\">\n<li>Rezerwacja jest potwierdzona po wp\u0142acie zadatku w wysoko\u015bci 40% warto\u015bci ca\u0142ego pobytu, nie mniej ni\u017c warto\u015b\u0107 jednej doby, w terminie 1 doby od dnia potwierdzenia dost\u0119pno\u015bci Domu na rachunek bankowy 16 1020 4649 0000 7302 0060 1989 lub blikiem na nr. tel. 663 166 393. W tytule przelewu nale\u017cy umie\u015bci\u0107: imi\u0119 i nazwisko Go\u015bcia, numer telefonu kontaktowego oraz dat\u0119 pobytu.<\/li>\n\n\n\n<li>W momencie dokonania rezerwacji przez Wynajmuj\u0105cego oznacza, \u017ce akceptuje on przedmiotowy regulamin najmu.&nbsp;<\/li>\n\n\n\n<li>Pozosta\u0142\u0105 kwot\u0119\u0328 za pobyt Wynajmuj\u0105cy wp\u0142aci najp\u00f3\u017aniej 7 dni przed terminem przyjazdu na konto takie samo jak w przypadku zadatku tytu\u0142em \u2013 pozosta\u0142a kwota na przyjazd \u201edata pobytu\u201d b\u0105d\u017a got\u00f3wk\u0105 w dniu przyjazdu.&nbsp;<\/li>\n\n\n\n<li>Warunkiem wydania kluczy jest zaksi\u0119gowana ca\u0142a kwota za pobyt.<\/li>\n\n\n\n<li>Dokonuj\u0105c rezerwacji Wynajmuj\u0105cy wyra\u017ca zgod\u0119\u0328&nbsp; na przetwarzanie danych osobowych wy\u0142\u0105cznie w celu realizacji rezerwacji i dope\u0142nienia obowi\u0105zku meldunkowego zgodnie z przepisami ustawy z dnia 29.08.1997 r. o ochronie danych osobowych. Rezerwuj\u0105cemu przys\u0142uguje prawo wgl\u0105du do swoich danych osobowych i ich aktualizacji.<\/li>\n\n\n\n<li>W przypadku skr\u00f3cenia okresu pobytu przez Wynajmuj\u0105cego, kwota za niewykorzystany okres nie jest zwracana.&nbsp;<\/li>\n\n\n\n<li>W przypadku rezygnacji z pobytu z przyczyn niezale\u017cnych od W\u0142a\u015bciciela, zadatek nie podlega zwrotowi.<\/li>\n\n\n\n<li>Zameldowanie w Obiekcie mo\u017cliwe jest od godziny 17.00 do 20.00, a wymeldowanie od 10.00 do 11.00 lub po wcze\u015bniejszej informacji.&nbsp;<\/li>\n\n\n\n<li>Podstaw\u0105 do zameldowania Najemcy jest okazanie przez Najemc\u0119 jego dokumentu to\u017csamo\u015bci ze zdj\u0119ciem. W przypadku odmowy okazania dokumentu w spos\u00f3b umo\u017cliwiaj\u0105cy zameldowanie, Wynajmuj\u0105cy mo\u017ce odmowi\u0107 wydania dost\u0119pu do Domu.<\/li>\n\n\n\n<li>Najemca, dokonuj\u0105c rezerwacji, wyra\u017ca zgod\u0119 na przetwarzanie swoich danych osobowych przez Wynajmuj\u0105cego jako administrator wy\u0142\u0105cznie w celu sprawnego i prawid\u0142owego przeprowadzenia procesu rezerwacji oraz w celu pobytu w Obiekcie.<\/li>\n<\/ol>\n\n\n\n<p><strong>\u00a73. DOBA HOTELOWA I CISZA NOCNA<\/strong><\/p>\n\n\n\n<ol class=\"wp-block-list\">\n<li>Dom wynajmowany jest na minimum dwie doby w okresie od pa\u017adziernika do 25 kwietnia, na minimum trzy doby w okresie od 1 maja do 1 wrze\u015bnia<\/li>\n\n\n\n<li>Doba hotelowa trwa od godziny 17.00 do 11.00.<\/li>\n\n\n\n<li>Cisza nocna w obiekcie trwa od godziny 22.00 do 7.00.<\/li>\n<\/ol>\n\n\n\n<p><strong>\u00a74. OBOWI\u0104ZUJ\u0104CE ZASADY i ODPOWIEDZIALNO\u015aCI<\/strong><\/p>\n\n\n\n<ol class=\"wp-block-list\">\n<li>Palenie wszelkich wyrob\u00f3w tytoniowych, papieros\u00f3w elektronicznych itp. w Domu jest surowo zabronione. Za z\u0142amanie zakazu palenia Najemca zobowi\u0105zany jest do uiszczenia dodatkowej op\u0142aty w kwocie 1.500,00 (jeden tysi\u0105c pi\u0119\u0107set) z\u0142otych za ka\u017cde naruszenie.<\/li>\n\n\n\n<li>Zabronione jest korzystanie ze sprz\u0119t\u00f3w elektrycznych lub gazowych nieb\u0119d\u0105cych wyposa\u017ceniem Domu i stanowi\u0105cych zagro\u017cenie po\u017carem, w tym w szczeg\u00f3lno\u015bci ogrzewaczy, farelek itp.<\/li>\n\n\n\n<li>Zwierz\u0119ta s\u0105 akceptowalne na terenie Obiektu, jednak\u017ce po uzgodnieniu z w\u0142a\u015bcicielem obiektu ( z wyj\u0105tkiem ras ps\u00f3w uznawanych za agresywne).<\/li>\n\n\n\n<li>Liczba os\u00f3b nocuj\u0105cych w obiekcie nie mo\u017ce przekracza\u0107 liczby podanej przy rezerwacji. Za ka\u017cd\u0105 osob\u0119 ponad ilo\u015b\u0107 podan\u0105 w rezerwacji Najemca zobowi\u0105zany b\u0119dzie ui\u015bci\u0107 300 z\u0142\/1os.\/dob\u0119.<\/li>\n\n\n\n<li>Organizowanie imprez towarzyskich na terenie Obiektu w trakcie pobytu jest surowo zabronione. Za z\u0142amanie tego zakazu Najemca zobowi\u0105zany b\u0119dzie do uiszczenia dodatkowej op\u0142aty w kwocie 5.000,00 (pi\u0119\u0107 tysi\u0119cy) z\u0142otych. W przypadku interwencji Policji, Wynajmuj\u0105cy obci\u0105\u017cy Najemc\u0119 dodatkow\u0105 op\u0142at\u0105 w wysoko\u015bci 1.000,00 (jeden tysi\u0105c) z\u0142otych.<\/li>\n\n\n\n<li>Najemca zobowi\u0105zany jest do w\u0142a\u015bciwego zabezpieczenia apartamentu, tj. dok\u0142adnego zamykania wszystkich drzwi wej\u015bciowych i okien oraz wy\u0142\u0105czenia sprz\u0119t\u00f3w elektronicznych na noc oraz przed ka\u017cdorazowym opuszczeniem obiektu.&nbsp;<\/li>\n\n\n\n<li>Wynajmuj\u0105cy nie odpowiada za przedmioty i pieni\u0105dze pozostawione w Obiekcie.&nbsp;<\/li>\n\n\n\n<li>Najemca mo\u017ce korzysta\u0107 wy\u0142\u0105cznie z grilla znajduj\u0105cego si\u0119 na zewn\u0105trz domku. Przy jego korzystaniu nale\u017cy zachowa\u0107 szczeg\u00f3ln\u0105 ostro\u017cno\u015b\u0107&nbsp;<\/li>\n\n\n\n<li>Najemca mo\u017ce rozpali\u0107 ognisko wy\u0142\u0105cznie w miejscu do tego wyznaczonym, zachowuj\u0105c przy tym nale\u017cyt\u0105 ostro\u017cno\u015b\u0107.<\/li>\n\n\n\n<li>Najemca zobowi\u0105zuje si\u0119 do zwrotu Obiektu w stanie pierwotnym.&nbsp;&nbsp;<\/li>\n\n\n\n<li>Najemca zobowi\u0105zany jest segregowa\u0107 \u015bmieci zgodnie z informacj\u0105 pozostawion\u0105 w kuchni Obiektu.<\/li>\n\n\n\n<li>Najemca zobowi\u0105zany jest do nieudost\u0119pniania kluczy, kod\u00f3w osobom nieuprawnionym. W przypadku z\u0142amania tego zakazu lub zgubienia kluczy. Najemca zobowi\u0105zany jest do zap\u0142aty dodatkowej op\u0142aty 100,00 (sto) z\u0142otych za sztuk\u0119.<\/li>\n\n\n\n<li>W przypadku pobytu d\u0142u\u017cszego ni\u017c 7 dni, na \u017cyczenie Najemcy, mo\u017cliwa jest jednorazowa wymiana po\u015bcieli i r\u0119cznik\u00f3w w cenie pobytu.&nbsp;<\/li>\n\n\n\n<li>Wszelkie usterki i zniszczenia w Domu nale\u017cy zg\u0142osi\u0107 w dniu przyjazdu. Brak zg\u0142oszenia oznacza brak zastanych usterek i zniszcze\u0144.<\/li>\n\n\n\n<li>W przypadku dokonania jakiegokolwiek zniszczenia lub wyst\u0105pienia jakiego\u015b problemu zwi\u0105zanego z pobytem, Najemca zobowi\u0105zany jest do natychmiastowego poinformowania Wynajmuj\u0105cego.<\/li>\n\n\n\n<li>Za wszystkie szkody powsta\u0142e w obiekcie w trakcie pobytu materialnie odpowiada Najemca.<\/li>\n\n\n\n<li>Wynajmuj\u0105cy nie odpowiada za przerwy w dostawie medi\u00f3w (pr\u0105du, wody itp), kt\u00f3re s\u0105 niezale\u017cne od Wynajmuj\u0105cego&nbsp;<\/li>\n\n\n\n<li>W przypadku naruszenia kt\u00f3regokolwiek z punkt\u00f3w niniejszego Regulaminu, Wynajmuj\u0105cy ma prawo wypowiedzie\u0107 Umow\u0119 bez zwrotu pieni\u0119dzy. W takim wypadku Najemca i pozosta\u0142e osoby b\u0119d\u0105 zobowi\u0105zane do niezw\u0142ocznego opuszczenia Obiektu.&nbsp;<\/li>\n<\/ol>\n\n\n\n<p><strong>\u00a75. KORZYSTANIE Z JACUZZI I SAUNY<\/strong><\/p>\n\n\n\n<ol class=\"wp-block-list\">\n<li>Sauna i Jacuzzi s\u0105 integraln\u0105 cz\u0119\u015bci\u0105 Domu. Przed skorzystaniem z Sauny i Jacuzzi nale\u017cy zapozna\u0107 si\u0119 z poni\u017cszymi zapisami.<\/li>\n\n\n\n<li>Z sauny oraz Jacuzzi mog\u0105 korzysta\u0107 wy\u0142\u0105cznie osoby zdrowe oraz osoby, kt\u00f3rych dolegliwo\u015bci nie stanowi\u0105 przeciwwskaza\u0144 do korzystania z zabieg\u00f3w. Korzystaj\u0105cy z Sauny oraz Jacuzzi ponosz\u0105 odpowiedzialno\u015b\u0107 za sw\u00f3j stan zdrowia.<\/li>\n\n\n\n<li>Z sauny oraz Jacuzzi korzysta\u0107 mog\u0105 osoby pe\u0142noletnie i dzieci za zgod\u0105 i pod nadzorem os\u00f3b doros\u0142ych.<\/li>\n\n\n\n<li>Nie zaleca si\u0119 korzystania z Jacuzzi oraz Sauny:\n<ul class=\"wp-block-list\">\n<li>kobietom w ci\u0105\u017cy,<\/li>\n\n\n\n<li>osobom choruj\u0105cym na cukrzyc\u0119,<\/li>\n\n\n\n<li>osobom z dysfunkcjami uk\u0142adu kr\u0105\u017cenia i uk\u0142adu oddechowego,<\/li>\n\n\n\n<li>osobom z chorobami zaka\u017anymi,<\/li>\n\n\n\n<li>osobom z chorobami serca i kr\u0105\u017cenia,<\/li>\n\n\n\n<li>osobom chorym na gryp\u0119, z gor\u0105czk\u0105,<\/li>\n\n\n\n<li>osobom z grzybic\u0105 lub innymi chorobami sk\u00f3ry,<\/li>\n\n\n\n<li>osobom z chorobami przewlek\u0142ymi,<\/li>\n\n\n\n<li>osobom cierpi\u0105cym na epilepsj\u0119, \u017cylaki, nadci\u015bnienie<\/li>\n\n\n\n<li>alergikom, szczeg\u00f3lnie osobom uczulonym na chlor<\/li>\n<\/ul>\n<\/li>\n\n\n\n<li>Przed skorzystaniem z Sauny oraz Jacuzzi nale\u017cy op\u0142uka\u0107 si\u0119 w celu usuni\u0119cia z cia\u0142a wszelkich kosmetyk\u00f3w i zanieczyszcze\u0144 oraz zdj\u0105\u0107 okulary, szk\u0142a kontaktowe, a tak\u017ce wszelk\u0105 bi\u017cuteri\u0119 w celu unikni\u0119cia oparzenia<\/li>\n\n\n\n<li>Palenie w Jacuzzi oraz Saunie jest surowo zabronione.<\/li>\n\n\n\n<li>Podczas korzystania z Sauny i Jacuzzi zabrania si\u0119:\n<ul class=\"wp-block-list\">\n<li>&nbsp;nieobyczajnego zachowania oraz zachowania powszechnie uznanego za nieprzyzwoite b\u0105d\u017a obra\u017aliwe;<\/li>\n\n\n\n<li>Korzystania b\u0119d\u0105c pod wp\u0142ywem alkoholu b\u0105d\u017a innych \u015brodk\u00f3w odurzaj\u0105cych;<\/li>\n\n\n\n<li>Wnoszenia jakichkolwiek przedmiot\u00f3w, substancji chemicznych (m. in. Myd\u0142a, szamponu, olejk\u00f3w), szk\u0142a, napoj\u00f3w alkoholowych, jedzenia;<\/li>\n\n\n\n<li>Zanurzania g\u0142owy i twarzy w Jacuzzi<\/li>\n\n\n\n<li>Korzystania z jacuzzi w wi\u0119cej ni\u017c 7 os\u00f3b.<\/li>\n<\/ul>\n<\/li>\n\n\n\n<li>Wynajmuj\u0105ca, pracownicy b\u0105d\u017a w\u0142a\u015bciciele Obiektu nie odpowiadaj\u0105 za wypadki spowodowane nieprzestrzeganiem niniejszego regulaminu i wskaza\u0144 obs\u0142ugi.<\/li>\n\n\n\n<li>Korzystanie z Sauny lub Jacuzzi jest r\u00f3wnoznaczne z zapoznaniem si\u0119 i z zaakceptowaniem niniejszego regulaminu.<\/li>\n<\/ol>\n\n\n\n<p><strong>\u00a76. REGULAMIN KORZYSTANIA Z MIEJSCA DO ROZPALENIA OGNISKA I GRILLA<\/strong><\/p>\n\n\n\n<ol class=\"wp-block-list\">\n<li>Dopuszcza si\u0119\u0328 palenie ogniska i grilla wy\u0142\u0105cznie w miejscach do tego wyznaczonych. Palenie ogniska i grilla poza miejscami do tego wyznaczonych jest surowo zabronione.<\/li>\n\n\n\n<li>Wynajmuj\u0105cy i Go\u015bcie zobowi\u0105zani s\u0105\u0328 do przestrzegania zasad bezpiecze\u0144stwa po\u017carowego okre\u015blonego w stosownych przepisach, a w szczeg\u00f3lno\u015bci do korzystania z ognia otwartego wy\u0142\u0105cznie w miejscach do tego wyznaczonych.<\/li>\n\n\n\n<li>Wynajmuj\u0105cy ponosi pe\u0142n\u0105 odpowiedzialno\u015b\u0107\u0301 za bezpiecze\u0144stwo uczestnik\u00f3w ogniska\/grilla oraz odpowiada za teren wok\u00f3\u0142.<\/li>\n\n\n\n<li>Osoby niepe\u0142noletnie mog\u0105\u0328 korzysta\u0107 z miejsca przeznaczonego na palenie ogniska\/ grilla wy\u0142\u0105cznie w obecno\u015bci i pod nadzorem pe\u0142noletniego opiekuna.<\/li>\n\n\n\n<li>Wynajmuj\u0105cy i Go\u015bcie zobowi\u0105zani s\u0105 po zako\u0144czeniu ogniska\/grilla&nbsp; skutecznie zgasi\u0107ognisko\/grilla oraz pozostawi\u0107\u0301 miejsce w nale\u017cytym porz\u0105dku.<\/li>\n\n\n\n<li>Wynajmuj\u0105cy zobowi\u0105zany jest do pokrycia koszt\u00f3w ewentualnych szk\u00f3d wyrz\u0105dzonych przez uczestnik\u00f3w ogniska\/grilla.<\/li>\n\n\n\n<li>Zabrania si\u0119\u0328 wrzucania do paleniska odpad\u00f3w oraz materia\u0142\u00f3w zawieraj\u0105cych substancje niebezpieczne.<\/li>\n\n\n\n<li>Organizowanie ogniska\/grilla dozwolone jest w godzinach od 7.00 do 22.00 \u2013 ze wzgl\u0119du na cisz\u0119 nocn\u0105.<\/li>\n\n\n\n<li>Niestosowanie si\u0119\u0328 do przepis\u00f3w og\u00f3lnych oraz do postanowie\u0144\u0301 niniejszego regulaminu mo\u017ce skutkowa\u0107\u0301 w szczeg\u00f3lno\u015bci interwencj\u0105 Policji, a tak\u017ce odpowiedzialno\u015bci\u0105\u0328 karn\u0105.<\/li>\n<\/ol>\n\n\n\n<h2 class=\"wp-block-heading\">Zasady korzystania z serwisu &amp; RODO<\/h2>\n\n\n\n<h3 class=\"wp-block-heading\">\u00a71. Postanowienia og\u00f3lne<\/h3>\n\n\n\n<ol class=\"wp-block-list\">\n<li>Niniejszy regulamin okre\u015bla zasady korzystania z us\u0142ug zakwaterowania oferowanych przez \u201ePrzysta\u0144 Pod Niebem\u201d, a tak\u017ce warunki rezerwacji, anulowania oraz zasady ochrony danych osobowych.<\/li>\n\n\n\n<li>Dokonanie rezerwacji jest r\u00f3wnoznaczne z akceptacj\u0105 niniejszego regulaminu.<\/li>\n<\/ol>\n\n\n\n<hr class=\"wp-block-separator has-alpha-channel-opacity\"\/>\n\n\n\n<h3 class=\"wp-block-heading\">\u00a72. Rezerwacje<\/h3>\n\n\n\n<ol class=\"wp-block-list\">\n<li>Rezerwacji domku mo\u017cna dokona\u0107 za po\u015brednictwem strony internetowej, telefonicznie, e-mailowo lub za po\u015brednictwem portali rezerwacyjnych.<\/li>\n\n\n\n<li>Rezerwacja uznawana jest za potwierdzon\u0105 po dokonaniu przedp\u0142aty (zadatek) w wysoko\u015bci wskazanej w korespondencji rezerwacyjnej.<\/li>\n\n\n\n<li>Pozosta\u0142a kwota (je\u015bli dotyczy) p\u0142atna jest w dniu przyjazdu got\u00f3wk\u0105 lub przelewem.<\/li>\n<\/ol>\n\n\n\n<hr class=\"wp-block-separator has-alpha-channel-opacity\"\/>\n\n\n\n<h3 class=\"wp-block-heading\">\u00a73. Odst\u0105pienie od umowy i warunki anulowania<\/h3>\n\n\n\n<ol class=\"wp-block-list\">\n<li>Zgodnie z art. 38 pkt 12 ustawy o prawach konsumenta, Klientowi nie przys\u0142uguje prawo do odst\u0105pienia od umowy zawartej na odleg\u0142o\u015b\u0107 w przypadku \u015bwiadczenia us\u0142ug zakwaterowania, je\u017celi w umowie wskazano konkretny dzie\u0144 lub okres pobytu.<\/li>\n\n\n\n<li>Pomimo powy\u017cszego, oferujemy mo\u017cliwo\u015b\u0107 anulowania rezerwacji na warunkach:\n<ul class=\"wp-block-list\">\n<li>do 30 dni przed planowanym przyjazdem \u2013 <strong>pe\u0142ny zwrot zadatku<\/strong>,<\/li>\n\n\n\n<li>od 29 do 14 dni przed przyjazdem \u2013 <strong>zwrot 50% zadatku<\/strong>,<\/li>\n\n\n\n<li>mniej ni\u017c 14 dni przed przyjazdem \u2013 <strong>brak zwrotu<\/strong> (chyba \u017ce domek zostanie wynaj\u0119ty w tym terminie innemu klientowi).<\/li>\n<\/ul>\n<\/li>\n\n\n\n<li>W przypadku wcze\u015bniejszego wyjazdu Klienta z przyczyn niezale\u017cnych od w\u0142a\u015bciciela, nie przys\u0142uguje zwrot za niewykorzystane dni pobytu.<\/li>\n\n\n\n<li>W celu anulowania rezerwacji prosimy o kontakt mailowy: <strong><a>biuro@przystanpodniebem.pl<\/a><\/strong> lub telefoniczny: <strong>+48 663 166 393<\/strong>.<\/li>\n<\/ol>\n\n\n\n<hr class=\"wp-block-separator has-alpha-channel-opacity\"\/>\n\n\n\n<h3 class=\"wp-block-heading\">\u00a74. Reklamacje<\/h3>\n\n\n\n<ol class=\"wp-block-list\">\n<li>Wszelkie uwagi dotycz\u0105ce pobytu nale\u017cy zg\u0142asza\u0107 mo\u017cliwie najszybciej \u2013 najlepiej w trakcie trwania pobytu \u2013 celem umo\u017cliwienia reakcji ze strony w\u0142a\u015bciciela.<\/li>\n\n\n\n<li>Reklamacje mo\u017cna r\u00f3wnie\u017c z\u0142o\u017cy\u0107 po pobycie:\n<ul class=\"wp-block-list\">\n<li>mailowo na adres: <strong><a>biuro@przystanpodniebem.pl<\/a><\/strong>,<\/li>\n\n\n\n<li>listownie na adres siedziby (poni\u017cej).<\/li>\n<\/ul>\n<\/li>\n\n\n\n<li>Zg\u0142oszenie reklamacyjne powinno zawiera\u0107 dane Klienta, dat\u0119 pobytu, opis problemu oraz ewentualne materia\u0142y dowodowe (np. zdj\u0119cia).<\/li>\n\n\n\n<li>Reklamacje rozpatrywane s\u0105 w ci\u0105gu <strong>14 dni kalendarzowych<\/strong> od daty ich otrzymania. W przypadku uznania reklamacji mo\u017cliwa jest rekompensata pieni\u0119\u017cna, zni\u017cka lub inna forma uzgodniona z Klientem.<\/li>\n<\/ol>\n\n\n\n<hr class=\"wp-block-separator has-alpha-channel-opacity\"\/>\n\n\n\n<h3 class=\"wp-block-heading\">\u00a75. Dane firmy<\/h3>\n\n\n\n<p><strong>Dane w\u0142a\u015bciciela obiektu oraz administratora danych osobowych:<\/strong><\/p>\n\n\n\n<ul class=\"wp-block-list\">\n<li><strong>Nazwa firmy:<\/strong> PRZYSTA\u0143 POD NIEBEM Kamil Klawikowski<\/li>\n\n\n\n<li><strong>Forma dzia\u0142alno\u015bci:<\/strong> jednoosobowa dzia\u0142alno\u015b\u0107 gospodarcza<\/li>\n\n\n\n<li><strong>Adres:<\/strong> Nawcz 30A, 84-300 Nawcz<\/li>\n\n\n\n<li><strong>NIP:<\/strong> 588 211 2240<\/li>\n\n\n\n<li><strong>REGON:<\/strong> 389 258 197<\/li>\n\n\n\n<li><strong>Telefon:<\/strong> +48 663 166 393<\/li>\n\n\n\n<li><strong>E-mail:<\/strong> <a>biuro@przystanpodniebem.pl<\/a><\/li>\n<\/ul>\n\n\n\n<hr class=\"wp-block-separator has-alpha-channel-opacity\"\/>\n\n\n\n<h3 class=\"wp-block-heading\">\u00a76. Polityka Prywatno\u015bci<\/h3>\n\n\n\n<h6 class=\"wp-block-heading\">1. Administrator danych osobowych<\/h6>\n\n\n\n<p>Administratorem danych osobowych jest w\u0142a\u015bciciel obiektu \u2013 PRZYSTA\u0143 POD NIEBEM Kamil Klawikowski (dane jak wy\u017cej).<\/p>\n\n\n\n<h6 class=\"wp-block-heading\">2. Cele przetwarzania danych<\/h6>\n\n\n\n<p>Dane osobowe s\u0105 przetwarzane w celu:<\/p>\n\n\n\n<ul class=\"wp-block-list\">\n<li>realizacji i obs\u0142ugi rezerwacji,<\/li>\n\n\n\n<li>kontaktu z Klientem,<\/li>\n\n\n\n<li>wystawiania faktur i dokument\u00f3w ksi\u0119gowych,<\/li>\n\n\n\n<li>dochodzenia ewentualnych roszcze\u0144,<\/li>\n\n\n\n<li>wysy\u0142ania informacji o ofertach specjalnych (je\u015bli wyra\u017cono zgod\u0119 marketingow\u0105).<\/li>\n<\/ul>\n\n\n\n<h6 class=\"wp-block-heading\">3. Podstawa prawna przetwarzania<\/h6>\n\n\n\n<ul class=\"wp-block-list\">\n<li>art. 6 ust. 1 lit. b RODO \u2013 wykonanie umowy (rezerwacja),<\/li>\n\n\n\n<li>art. 6 ust. 1 lit. c RODO \u2013 obowi\u0105zki prawne,<\/li>\n\n\n\n<li>art. 6 ust. 1 lit. f RODO \u2013 prawnie uzasadniony interes (np. dochodzenie roszcze\u0144).<\/li>\n<\/ul>\n\n\n\n<h6 class=\"wp-block-heading\">4. Czas przechowywania danych<\/h6>\n\n\n\n<ul class=\"wp-block-list\">\n<li>Dane dotycz\u0105ce rezerwacji przechowywane s\u0105 przez okres niezb\u0119dny do realizacji pobytu oraz przez okres wynikaj\u0105cy z przepis\u00f3w prawa (np. ksi\u0119gowo\u015b\u0107 \u2013 5 lat).<\/li>\n\n\n\n<li>Dane przekazane w celach marketingowych s\u0105 przechowywane do momentu cofni\u0119cia zgody.<\/li>\n<\/ul>\n\n\n\n<h6 class=\"wp-block-heading\">5. Prawa osoby, kt\u00f3rej dane dotycz\u0105<\/h6>\n\n\n\n<p>Ka\u017cda osoba, kt\u00f3rej dane s\u0105 przetwarzane, ma prawo do:<\/p>\n\n\n\n<ul class=\"wp-block-list\">\n<li>dost\u0119pu do danych,<\/li>\n\n\n\n<li>ich sprostowania,<\/li>\n\n\n\n<li>usuni\u0119cia (\u201eprawo do bycia zapomnianym\u201d),<\/li>\n\n\n\n<li>ograniczenia przetwarzania,<\/li>\n\n\n\n<li>wniesienia sprzeciwu wobec przetwarzania,<\/li>\n\n\n\n<li>przenoszenia danych,<\/li>\n\n\n\n<li>wniesienia skargi do Prezesa UODO.<\/li>\n<\/ul>\n\n\n\n<h6 class=\"wp-block-heading\">6. Odbiorcy danych<\/h6>\n\n\n\n<p>Dane mog\u0105 by\u0107 przekazywane podmiotom obs\u0142uguj\u0105cym p\u0142atno\u015bci, firmom ksi\u0119gowym oraz hostingodawcom, wy\u0142\u0105cznie w celu realizacji rezerwacji.<\/p>\n\n\n\n<h3 class=\"wp-block-heading\">7. Dobrowolno\u015b\u0107 podania danych<\/h3>\n\n\n\n<p>Podanie danych jest dobrowolne, ale niezb\u0119dne do realizacji rezerwacji.<\/p>\n\n\n\n<hr class=\"wp-block-separator has-alpha-channel-opacity\"\/>\n\n\n\n<h6 class=\"wp-block-heading\">\u00a77. Postanowienia ko\u0144cowe<\/h6>\n\n\n\n<ol class=\"wp-block-list\">\n<li>W sprawach nieuregulowanych niniejszym regulaminem zastosowanie maj\u0105 przepisy Kodeksu cywilnego oraz ustawy o prawach konsumenta.<\/li>\n\n\n\n<li>W\u0142a\u015bciciel zastrzega sobie prawo do zmian regulaminu, o czym poinformuje na stronie internetowej.<\/li>\n<\/ol>\n\n\n\n<p><strong>TELEFONY ALARMOWE:<\/strong><\/p>\n\n\n\n<p>Og\u00f3lny 112<\/p>\n\n\n\n<p>Policja 997<br>Pogotowie Ratunkowe 999<\/p>\n\n\n\n<p>Stra\u017c\u0307 Po\u017carna 998<\/p>\n","protected":false},"excerpt":{"rendered":"<p>REGULAMIN KORZYSTANIA Z OBIEKTU \u00a71. PRZEDMIOT REGULAMINU \u00a72. REZERWACJA I MELDUNEK&nbsp; \u00a73. DOBA HOTELOWA I CISZA NOCNA \u00a74. OBOWI\u0104ZUJ\u0104CE ZASADY i ODPOWIEDZIALNO\u015aCI \u00a75. KORZYSTANIE Z JACUZZI I SAUNY \u00a76. REGULAMIN KORZYSTANIA Z MIEJSCA DO ROZPALENIA OGNISKA I GRILLA Zasady korzystania z serwisu &amp; RODO \u00a71. Postanowienia og\u00f3lne \u00a72. Rezerwacje \u00a73. Odst\u0105pienie od umowy i warunki [&hellip;]<\/p>\n","protected":false},"author":1,"featured_media":0,"parent":0,"menu_order":0,"comment_status":"closed","ping_status":"closed","template":"","meta":{"inline_featured_image":false,"footnotes":""},"class_list":["post-4193","page","type-page","status-publish","hentry"],"_links":{"self":[{"href":"https:\/\/przystanpodniebem.pl\/index.php\/wp-json\/wp\/v2\/pages\/4193","targetHints":{"allow":["GET"]}}],"collection":[{"href":"https:\/\/przystanpodniebem.pl\/index.php\/wp-json\/wp\/v2\/pages"}],"about":[{"href":"https:\/\/przystanpodniebem.pl\/index.php\/wp-json\/wp\/v2\/types\/page"}],"author":[{"embeddable":true,"href":"https:\/\/przystanpodniebem.pl\/index.php\/wp-json\/wp\/v2\/users\/1"}],"replies":[{"embeddable":true,"href":"https:\/\/przystanpodniebem.pl\/index.php\/wp-json\/wp\/v2\/comments?post=4193"}],"version-history":[{"count":4,"href":"https:\/\/przystanpodniebem.pl\/index.php\/wp-json\/wp\/v2\/pages\/4193\/revisions"}],"predecessor-version":[{"id":4268,"href":"https:\/\/przystanpodniebem.pl\/index.php\/wp-json\/wp\/v2\/pages\/4193\/revisions\/4268"}],"wp:attachment":[{"href":"https:\/\/przystanpodniebem.pl\/index.php\/wp-json\/wp\/v2\/media?parent=4193"}],"curies":[{"name":"wp","href":"https:\/\/api.w.org\/{rel}","templated":true}]}}